{"id":990,"date":"2024-03-25T15:47:50","date_gmt":"2024-03-25T14:47:50","guid":{"rendered":"https:\/\/www.deesse23.fr\/TestWPDS\/?page_id=990"},"modified":"2026-02-16T12:18:24","modified_gmt":"2026-02-16T11:18:24","slug":"209-quimper","status":"publish","type":"page","link":"https:\/\/www.deesse23.fr\/index.php\/209-quimper\/","title":{"rendered":"209 &#8211; Quimper"},"content":{"rendered":"<style>.wp-block-kadence-spacer.kt-block-spacer-990_b11abb-73 .kt-block-spacer{height:100px;}.wp-block-kadence-spacer.kt-block-spacer-990_b11abb-73 .kt-divider{border-top-width:1px;height:1px;border-top-color:#eee;width:80%;border-top-style:solid;}<\/style>\n<div class=\"wp-block-kadence-spacer aligncenter kt-block-spacer-990_b11abb-73\"><div class=\"kt-block-spacer kt-block-spacer-halign-center\"><hr class=\"kt-divider\"\/><\/div><\/div>\n\n\n\n<div class=\"wp-block-essential-blocks-advanced-heading  root-eb-advance-heading-kz9ah\"><div class=\"eb-parent-wrapper eb-parent-eb-advance-heading-kz9ah \"><div class=\"eb-advance-heading-wrapper eb-advance-heading-kz9ah button-1 undefined\" data-id=\"eb-advance-heading-kz9ah\"><h2 class=\"eb-ah-title\"><span class=\"first-title\">P\u00f4le sportif Creac&rsquo;h Gwen \u00e0 Quimper (29)<\/span><\/h2><\/div><\/div><\/div>\n\n\n<style>.kb-row-layout-id990_14322d-d1 > .kt-row-column-wrap{align-content:start;}:where(.kb-row-layout-id990_14322d-d1 > .kt-row-column-wrap) > .wp-block-kadence-column{justify-content:start;}.kb-row-layout-id990_14322d-d1 > .kt-row-column-wrap{column-gap:var(--global-kb-gap-md, 2rem);row-gap:var(--global-kb-gap-md, 2rem);padding-top:var(--global-kb-spacing-sm, 1.5rem);padding-right:var(--global-kb-spacing-lg, 3rem);padding-bottom:var(--global-kb-spacing-sm, 1.5rem);padding-left:var(--global-kb-spacing-lg, 3rem);grid-template-columns:repeat(2, minmax(0, 1fr));}.kb-row-layout-id990_14322d-d1 > .kt-row-layout-overlay{opacity:0.30;}@media all and (max-width: 1024px){.kb-row-layout-id990_14322d-d1 > .kt-row-column-wrap{grid-template-columns:repeat(2, minmax(0, 1fr));}}@media all and (max-width: 767px){.kb-row-layout-id990_14322d-d1 > .kt-row-column-wrap{padding-right:0px;padding-left:0px;grid-template-columns:minmax(0, 1fr);}}<\/style><div class=\"kb-row-layout-wrap kb-row-layout-id990_14322d-d1 alignnone wp-block-kadence-rowlayout\"><div class=\"kt-row-column-wrap kt-has-2-columns kt-row-layout-equal kt-tab-layout-inherit kt-mobile-layout-row kt-row-valign-top\">\n<style>.kadence-column990_674443-73 > .kt-inside-inner-col,.kadence-column990_674443-73 > .kt-inside-inner-col:before{border-top-left-radius:0px;border-top-right-radius:0px;border-bottom-right-radius:0px;border-bottom-left-radius:0px;}.kadence-column990_674443-73 > .kt-inside-inner-col{column-gap:var(--global-kb-gap-sm, 1rem);}.kadence-column990_674443-73 > .kt-inside-inner-col{flex-direction:column;}.kadence-column990_674443-73 > .kt-inside-inner-col > .aligncenter{width:100%;}.kadence-column990_674443-73 > .kt-inside-inner-col:before{opacity:0.3;}.kadence-column990_674443-73{position:relative;}@media all and (max-width: 1024px){.kadence-column990_674443-73 > .kt-inside-inner-col{flex-direction:column;justify-content:center;}}@media all and (max-width: 767px){.kadence-column990_674443-73 > .kt-inside-inner-col{flex-direction:column;justify-content:center;}}<\/style>\n<div class=\"wp-block-kadence-column kadence-column990_674443-73\"><div class=\"kt-inside-inner-col\">\n<p><strong>Ma\u00eetrise d&rsquo;Ouvrage <\/strong>: Ville de Quimper<br><strong>Surface <\/strong>: 1 390 m\u00b2<br><strong>Co\u00fbt des travaux<\/strong> : 4,64M\u20ac HT<br><strong>Statut <\/strong>: Livraison 2016<br><strong>Ma\u00eetrise d&rsquo;\u0153uvre<\/strong> : D\u00c9ESSE 23 <em>architecte mandataire<\/em>, ISATEG Rennes <em>BE structure-fluides<\/em>, ZEPHYR <em>paysagiste<\/em>, PMC ETUDES <em>BE complexe sportif<\/em><br><strong>Photographie <\/strong>: Johann Bernard<br><\/p>\n<\/div><\/div>\n\n\n<style>.kadence-column990_1b04ef-c6 > .kt-inside-inner-col{padding-right:var(--global-kb-spacing-lg, 3rem);padding-left:var(--global-kb-spacing-lg, 3rem);}.kadence-column990_1b04ef-c6 > .kt-inside-inner-col,.kadence-column990_1b04ef-c6 > .kt-inside-inner-col:before{border-top-left-radius:0px;border-top-right-radius:0px;border-bottom-right-radius:0px;border-bottom-left-radius:0px;}.kadence-column990_1b04ef-c6 > .kt-inside-inner-col{column-gap:var(--global-kb-gap-sm, 1rem);}.kadence-column990_1b04ef-c6 > .kt-inside-inner-col{flex-direction:column;}.kadence-column990_1b04ef-c6 > .kt-inside-inner-col > .aligncenter{width:100%;}.kadence-column990_1b04ef-c6 > .kt-inside-inner-col:before{opacity:0.3;}.kadence-column990_1b04ef-c6{position:relative;}@media all and (max-width: 1024px){.kadence-column990_1b04ef-c6 > .kt-inside-inner-col{flex-direction:column;justify-content:center;}}@media all and (max-width: 767px){.kadence-column990_1b04ef-c6 > .kt-inside-inner-col{padding-right:0px;padding-left:0px;flex-direction:column;justify-content:center;}}<\/style>\n<div class=\"wp-block-kadence-column kadence-column990_1b04ef-c6\"><div class=\"kt-inside-inner-col\">\n<p>L\u2019id\u00e9e directrice est de <strong>cr\u00e9er une arriv\u00e9e qui domine le terrain principal<\/strong>.\u00a0Cette exp\u00e9rience est d\u00e9velopp\u00e9e en proposant un acc\u00e8s public en haut de la future tribune, par une liaison douce pi\u00e9tonne.<br>Formellement le projet est d\u00e9fini par deux types de morphologies\u00a0: r\u00e9sistant ou l\u00e9ger.\u00a0<strong>Le projet s\u2019inscrit donc dans une r\u00e9flexion d\u2019insertion coh\u00e9rente entre les terrains et le site paysager existants<\/strong>. Selon l\u2019orientation chaque fa\u00e7ade est sp\u00e9cifique, tout en dialoguant avec les autres\u00a0: Une continuit\u00e9 de mati\u00e8re, un jeu de toiture, un lien vitr\u00e9, sont autant d\u2019\u00e9l\u00e9ments qui donnent une unit\u00e9 \u00e0 l\u2019ensemble du complexe.<\/p>\n<\/div><\/div>\n\n<\/div><\/div>\n\n<style>.wp-block-kadence-advancedgallery.kb-gallery-wrap-id-990_b23cd1-70{padding-right:var(--global-kb-spacing-lg, 3rem);padding-left:var(--global-kb-spacing-lg, 3rem);}.wp-block-kadence-advancedgallery .kb-gallery-type-masonry.kb-gallery-id-990_b23cd1-70{margin:-15px;}.kb-gallery-type-masonry.kb-gallery-id-990_b23cd1-70 .kadence-blocks-gallery-item{padding:15px;}.kb-gallery-id-990_b23cd1-70 .kadence-blocks-gallery-item .kb-gal-image-radius, .kb-gallery-id-990_b23cd1-70 .kb-slide-item .kb-gal-image-radius img{border-radius:0px 0px 0px 0px;;}@media all and (max-width: 767px){.wp-block-kadence-advancedgallery.kb-gallery-wrap-id-990_b23cd1-70{padding-right:0px;padding-left:0px;}}<\/style><div class=\"kb-gallery-wrap-id-990_b23cd1-70 alignnone wp-block-kadence-advancedgallery\"><ul class=\"kb-gallery-ul kb-gallery-non-static kb-gallery-type-masonry kb-masonry-init kb-gallery-id-990_b23cd1-70 kb-gallery-caption-style-bottom-hover kb-gallery-filter-none kb-gallery-magnific-init\" data-image-filter=\"none\" data-item-selector=\".kadence-blocks-gallery-item\" data-lightbox-caption=\"true\" data-columns-xxl=\"2\" data-columns-xl=\"2\" data-columns-md=\"2\" data-columns-sm=\"2\" data-columns-xs=\"1\" data-columns-ss=\"1\"><li class=\"kadence-blocks-gallery-item\"><div class=\"kadence-blocks-gallery-item-inner\"><figure class=\"kb-gallery-figure kb-gallery-item-has-link kadence-blocks-gallery-item-hide-caption\"><a href=\"https:\/\/www.deesse23.fr\/wp-content\/uploads\/2024\/03\/QUIMPER-CREACH_01-1.jpg\" data-description=\"P\u00f4le sportif de Cr\u00e9ac&#039;h Gwen de Quimper (29)\" class=\"kb-gallery-item-link\"   role=\"button\" aria-haspopup=\"dialog\"><div class=\"kb-gal-image-radius\" style=\"max-width:2500px;\"><div class=\"kb-gallery-image-contain kadence-blocks-gallery-intrinsic\" style=\"padding-bottom:84%;\"><img fetchpriority=\"high\" decoding=\"async\" src=\"https:\/\/www.deesse23.fr\/wp-content\/uploads\/2024\/03\/QUIMPER-CREACH_01-1.jpg\" width=\"2500\" height=\"2101\" alt=\"\" data-full-image=\"https:\/\/www.deesse23.fr\/wp-content\/uploads\/2024\/03\/QUIMPER-CREACH_01-1.jpg\" data-light-image=\"https:\/\/www.deesse23.fr\/wp-content\/uploads\/2024\/03\/QUIMPER-CREACH_01-1.jpg\" data-id=\"1061\" class=\"wp-image-1061\" srcset=\"https:\/\/www.deesse23.fr\/wp-content\/uploads\/2024\/03\/QUIMPER-CREACH_01-1.jpg 2500w, https:\/\/www.deesse23.fr\/wp-content\/uploads\/2024\/03\/QUIMPER-CREACH_01-1-300x252.jpg 300w, https:\/\/www.deesse23.fr\/wp-content\/uploads\/2024\/03\/QUIMPER-CREACH_01-1-1024x861.jpg 1024w, https:\/\/www.deesse23.fr\/wp-content\/uploads\/2024\/03\/QUIMPER-CREACH_01-1-768x645.jpg 768w, https:\/\/www.deesse23.fr\/wp-content\/uploads\/2024\/03\/QUIMPER-CREACH_01-1-1536x1291.jpg 1536w, https:\/\/www.deesse23.fr\/wp-content\/uploads\/2024\/03\/QUIMPER-CREACH_01-1-2048x1721.jpg 2048w\" sizes=\"(max-width: 2500px) 100vw, 2500px\" \/><\/div><\/div><\/a><\/figure><\/div><\/li><li class=\"kadence-blocks-gallery-item\"><div class=\"kadence-blocks-gallery-item-inner\"><figure class=\"kb-gallery-figure kb-gallery-item-has-link kadence-blocks-gallery-item-hide-caption\"><a href=\"https:\/\/www.deesse23.fr\/wp-content\/uploads\/2024\/03\/Pole-sportif-QUIMPER-80.jpg\" data-description=\"P\u00f4le sportif de Cr\u00e9ac&#039;h Gwen de Quimper (29)\" class=\"kb-gallery-item-link\"   role=\"button\" aria-haspopup=\"dialog\"><div class=\"kb-gal-image-radius\" style=\"max-width:2500px;\"><div class=\"kb-gallery-image-contain kadence-blocks-gallery-intrinsic\" style=\"padding-bottom:56%;\"><img decoding=\"async\" src=\"https:\/\/www.deesse23.fr\/wp-content\/uploads\/2024\/03\/Pole-sportif-QUIMPER-80.jpg\" width=\"2500\" height=\"1406\" alt=\"\" data-full-image=\"https:\/\/www.deesse23.fr\/wp-content\/uploads\/2024\/03\/Pole-sportif-QUIMPER-80.jpg\" data-light-image=\"https:\/\/www.deesse23.fr\/wp-content\/uploads\/2024\/03\/Pole-sportif-QUIMPER-80.jpg\" data-id=\"1057\" class=\"wp-image-1057\" srcset=\"https:\/\/www.deesse23.fr\/wp-content\/uploads\/2024\/03\/Pole-sportif-QUIMPER-80.jpg 2500w, https:\/\/www.deesse23.fr\/wp-content\/uploads\/2024\/03\/Pole-sportif-QUIMPER-80-300x169.jpg 300w, https:\/\/www.deesse23.fr\/wp-content\/uploads\/2024\/03\/Pole-sportif-QUIMPER-80-1024x576.jpg 1024w, https:\/\/www.deesse23.fr\/wp-content\/uploads\/2024\/03\/Pole-sportif-QUIMPER-80-768x432.jpg 768w, https:\/\/www.deesse23.fr\/wp-content\/uploads\/2024\/03\/Pole-sportif-QUIMPER-80-1536x864.jpg 1536w, https:\/\/www.deesse23.fr\/wp-content\/uploads\/2024\/03\/Pole-sportif-QUIMPER-80-2048x1152.jpg 2048w\" sizes=\"(max-width: 2500px) 100vw, 2500px\" \/><\/div><\/div><\/a><\/figure><\/div><\/li><li class=\"kadence-blocks-gallery-item\"><div class=\"kadence-blocks-gallery-item-inner\"><figure class=\"kb-gallery-figure kb-gallery-item-has-link kadence-blocks-gallery-item-hide-caption\"><a href=\"https:\/\/www.deesse23.fr\/wp-content\/uploads\/2024\/03\/Pole-sportif-QUIMPER-68.jpg\" data-description=\"P\u00f4le sportif de Cr\u00e9ac&#039;h Gwen de Quimper (29)\" class=\"kb-gallery-item-link\"   role=\"button\" aria-haspopup=\"dialog\"><div class=\"kb-gal-image-radius\" style=\"max-width:2500px;\"><div class=\"kb-gallery-image-contain kadence-blocks-gallery-intrinsic\" style=\"padding-bottom:56%;\"><img decoding=\"async\" src=\"https:\/\/www.deesse23.fr\/wp-content\/uploads\/2024\/03\/Pole-sportif-QUIMPER-68.jpg\" width=\"2500\" height=\"1406\" alt=\"\" data-full-image=\"https:\/\/www.deesse23.fr\/wp-content\/uploads\/2024\/03\/Pole-sportif-QUIMPER-68.jpg\" data-light-image=\"https:\/\/www.deesse23.fr\/wp-content\/uploads\/2024\/03\/Pole-sportif-QUIMPER-68.jpg\" data-id=\"1055\" class=\"wp-image-1055\" srcset=\"https:\/\/www.deesse23.fr\/wp-content\/uploads\/2024\/03\/Pole-sportif-QUIMPER-68.jpg 2500w, https:\/\/www.deesse23.fr\/wp-content\/uploads\/2024\/03\/Pole-sportif-QUIMPER-68-300x169.jpg 300w, https:\/\/www.deesse23.fr\/wp-content\/uploads\/2024\/03\/Pole-sportif-QUIMPER-68-1024x576.jpg 1024w, https:\/\/www.deesse23.fr\/wp-content\/uploads\/2024\/03\/Pole-sportif-QUIMPER-68-768x432.jpg 768w, https:\/\/www.deesse23.fr\/wp-content\/uploads\/2024\/03\/Pole-sportif-QUIMPER-68-1536x864.jpg 1536w, https:\/\/www.deesse23.fr\/wp-content\/uploads\/2024\/03\/Pole-sportif-QUIMPER-68-2048x1152.jpg 2048w\" sizes=\"(max-width: 2500px) 100vw, 2500px\" \/><\/div><\/div><\/a><\/figure><\/div><\/li><li class=\"kadence-blocks-gallery-item\"><div class=\"kadence-blocks-gallery-item-inner\"><figure class=\"kb-gallery-figure kb-gallery-item-has-link kadence-blocks-gallery-item-hide-caption\"><a href=\"https:\/\/www.deesse23.fr\/wp-content\/uploads\/2024\/03\/Pole-sportif-QUIMPER-70.jpg\" data-description=\"P\u00f4le sportif de Cr\u00e9ac&#039;h Gwen de Quimper (29)\" class=\"kb-gallery-item-link\"   role=\"button\" aria-haspopup=\"dialog\"><div class=\"kb-gal-image-radius\" style=\"max-width:1656px;\"><div class=\"kb-gallery-image-contain kadence-blocks-gallery-intrinsic\" style=\"padding-bottom:150%;\"><img loading=\"lazy\" decoding=\"async\" src=\"https:\/\/www.deesse23.fr\/wp-content\/uploads\/2024\/03\/Pole-sportif-QUIMPER-70.jpg\" width=\"1656\" height=\"2500\" alt=\"\" data-full-image=\"https:\/\/www.deesse23.fr\/wp-content\/uploads\/2024\/03\/Pole-sportif-QUIMPER-70.jpg\" data-light-image=\"https:\/\/www.deesse23.fr\/wp-content\/uploads\/2024\/03\/Pole-sportif-QUIMPER-70.jpg\" data-id=\"1056\" class=\"wp-image-1056\" srcset=\"https:\/\/www.deesse23.fr\/wp-content\/uploads\/2024\/03\/Pole-sportif-QUIMPER-70.jpg 1656w, https:\/\/www.deesse23.fr\/wp-content\/uploads\/2024\/03\/Pole-sportif-QUIMPER-70-199x300.jpg 199w, https:\/\/www.deesse23.fr\/wp-content\/uploads\/2024\/03\/Pole-sportif-QUIMPER-70-678x1024.jpg 678w, https:\/\/www.deesse23.fr\/wp-content\/uploads\/2024\/03\/Pole-sportif-QUIMPER-70-768x1159.jpg 768w, https:\/\/www.deesse23.fr\/wp-content\/uploads\/2024\/03\/Pole-sportif-QUIMPER-70-1017x1536.jpg 1017w, https:\/\/www.deesse23.fr\/wp-content\/uploads\/2024\/03\/Pole-sportif-QUIMPER-70-1357x2048.jpg 1357w\" sizes=\"(max-width: 1656px) 100vw, 1656px\" \/><\/div><\/div><\/a><\/figure><\/div><\/li><li class=\"kadence-blocks-gallery-item\"><div class=\"kadence-blocks-gallery-item-inner\"><figure class=\"kb-gallery-figure kb-gallery-item-has-link kadence-blocks-gallery-item-hide-caption\"><a href=\"https:\/\/www.deesse23.fr\/wp-content\/uploads\/2024\/03\/Pole-sportif-QUIMPER-84.jpg\" data-description=\"P\u00f4le sportif de Cr\u00e9ac&#039;h Gwen de Quimper (29)\" class=\"kb-gallery-item-link\"   role=\"button\" aria-haspopup=\"dialog\"><div class=\"kb-gal-image-radius\" style=\"max-width:2500px;\"><div class=\"kb-gallery-image-contain kadence-blocks-gallery-intrinsic\" style=\"padding-bottom:56%;\"><img loading=\"lazy\" decoding=\"async\" src=\"https:\/\/www.deesse23.fr\/wp-content\/uploads\/2024\/03\/Pole-sportif-QUIMPER-84.jpg\" width=\"2500\" height=\"1406\" alt=\"\" data-full-image=\"https:\/\/www.deesse23.fr\/wp-content\/uploads\/2024\/03\/Pole-sportif-QUIMPER-84.jpg\" data-light-image=\"https:\/\/www.deesse23.fr\/wp-content\/uploads\/2024\/03\/Pole-sportif-QUIMPER-84.jpg\" data-id=\"1058\" class=\"wp-image-1058\" srcset=\"https:\/\/www.deesse23.fr\/wp-content\/uploads\/2024\/03\/Pole-sportif-QUIMPER-84.jpg 2500w, https:\/\/www.deesse23.fr\/wp-content\/uploads\/2024\/03\/Pole-sportif-QUIMPER-84-300x169.jpg 300w, https:\/\/www.deesse23.fr\/wp-content\/uploads\/2024\/03\/Pole-sportif-QUIMPER-84-1024x576.jpg 1024w, https:\/\/www.deesse23.fr\/wp-content\/uploads\/2024\/03\/Pole-sportif-QUIMPER-84-768x432.jpg 768w, https:\/\/www.deesse23.fr\/wp-content\/uploads\/2024\/03\/Pole-sportif-QUIMPER-84-1536x864.jpg 1536w, https:\/\/www.deesse23.fr\/wp-content\/uploads\/2024\/03\/Pole-sportif-QUIMPER-84-2048x1152.jpg 2048w\" sizes=\"(max-width: 2500px) 100vw, 2500px\" \/><\/div><\/div><\/a><\/figure><\/div><\/li><li class=\"kadence-blocks-gallery-item\"><div class=\"kadence-blocks-gallery-item-inner\"><figure class=\"kb-gallery-figure kb-gallery-item-has-link kadence-blocks-gallery-item-hide-caption\"><a href=\"https:\/\/www.deesse23.fr\/wp-content\/uploads\/2024\/03\/Pole-sportif-QUIMPER-89.jpg\" data-description=\"P\u00f4le sportif de Cr\u00e9ac&#039;h Gwen de Quimper (29)\" class=\"kb-gallery-item-link\"   role=\"button\" aria-haspopup=\"dialog\"><div class=\"kb-gal-image-radius\" style=\"max-width:2500px;\"><div class=\"kb-gallery-image-contain kadence-blocks-gallery-intrinsic\" style=\"padding-bottom:66%;\"><img loading=\"lazy\" decoding=\"async\" src=\"https:\/\/www.deesse23.fr\/wp-content\/uploads\/2024\/03\/Pole-sportif-QUIMPER-89.jpg\" width=\"2500\" height=\"1656\" alt=\"\" data-full-image=\"https:\/\/www.deesse23.fr\/wp-content\/uploads\/2024\/03\/Pole-sportif-QUIMPER-89.jpg\" data-light-image=\"https:\/\/www.deesse23.fr\/wp-content\/uploads\/2024\/03\/Pole-sportif-QUIMPER-89.jpg\" data-id=\"1059\" class=\"wp-image-1059\" srcset=\"https:\/\/www.deesse23.fr\/wp-content\/uploads\/2024\/03\/Pole-sportif-QUIMPER-89.jpg 2500w, https:\/\/www.deesse23.fr\/wp-content\/uploads\/2024\/03\/Pole-sportif-QUIMPER-89-300x199.jpg 300w, https:\/\/www.deesse23.fr\/wp-content\/uploads\/2024\/03\/Pole-sportif-QUIMPER-89-1024x678.jpg 1024w, https:\/\/www.deesse23.fr\/wp-content\/uploads\/2024\/03\/Pole-sportif-QUIMPER-89-768x509.jpg 768w, https:\/\/www.deesse23.fr\/wp-content\/uploads\/2024\/03\/Pole-sportif-QUIMPER-89-1536x1017.jpg 1536w, https:\/\/www.deesse23.fr\/wp-content\/uploads\/2024\/03\/Pole-sportif-QUIMPER-89-2048x1357.jpg 2048w\" sizes=\"(max-width: 2500px) 100vw, 2500px\" \/><\/div><\/div><\/a><\/figure><\/div><\/li><li class=\"kadence-blocks-gallery-item\"><div class=\"kadence-blocks-gallery-item-inner\"><figure class=\"kb-gallery-figure kb-gallery-item-has-link kadence-blocks-gallery-item-hide-caption\"><a href=\"https:\/\/www.deesse23.fr\/wp-content\/uploads\/2024\/03\/QUIMPER-CREACH_02-1.jpg\" data-description=\"P\u00f4le sportif de Cr\u00e9ac&#039;h Gwen de Quimper (29)\" class=\"kb-gallery-item-link\"   role=\"button\" aria-haspopup=\"dialog\"><div class=\"kb-gal-image-radius\" style=\"max-width:2500px;\"><div class=\"kb-gallery-image-contain kadence-blocks-gallery-intrinsic\" style=\"padding-bottom:57%;\"><img loading=\"lazy\" decoding=\"async\" src=\"https:\/\/www.deesse23.fr\/wp-content\/uploads\/2024\/03\/QUIMPER-CREACH_02-1.jpg\" width=\"2500\" height=\"1445\" alt=\"\" data-full-image=\"https:\/\/www.deesse23.fr\/wp-content\/uploads\/2024\/03\/QUIMPER-CREACH_02-1.jpg\" data-light-image=\"https:\/\/www.deesse23.fr\/wp-content\/uploads\/2024\/03\/QUIMPER-CREACH_02-1.jpg\" data-id=\"1062\" class=\"wp-image-1062\" srcset=\"https:\/\/www.deesse23.fr\/wp-content\/uploads\/2024\/03\/QUIMPER-CREACH_02-1.jpg 2500w, https:\/\/www.deesse23.fr\/wp-content\/uploads\/2024\/03\/QUIMPER-CREACH_02-1-300x173.jpg 300w, https:\/\/www.deesse23.fr\/wp-content\/uploads\/2024\/03\/QUIMPER-CREACH_02-1-1024x592.jpg 1024w, https:\/\/www.deesse23.fr\/wp-content\/uploads\/2024\/03\/QUIMPER-CREACH_02-1-768x444.jpg 768w, https:\/\/www.deesse23.fr\/wp-content\/uploads\/2024\/03\/QUIMPER-CREACH_02-1-1536x888.jpg 1536w, https:\/\/www.deesse23.fr\/wp-content\/uploads\/2024\/03\/QUIMPER-CREACH_02-1-2048x1184.jpg 2048w\" sizes=\"(max-width: 2500px) 100vw, 2500px\" \/><\/div><\/div><\/a><\/figure><\/div><\/li><li class=\"kadence-blocks-gallery-item\"><div class=\"kadence-blocks-gallery-item-inner\"><figure class=\"kb-gallery-figure kb-gallery-item-has-link kadence-blocks-gallery-item-hide-caption\"><a href=\"https:\/\/www.deesse23.fr\/wp-content\/uploads\/2024\/03\/Pole-sportif-QUIMPER-66-1.jpg\" data-description=\"P\u00f4le sportif de Cr\u00e9ac&#039;h Gwen de Quimper (29)\" class=\"kb-gallery-item-link\"   role=\"button\" aria-haspopup=\"dialog\"><div class=\"kb-gal-image-radius\" style=\"max-width:2500px;\"><div class=\"kb-gallery-image-contain kadence-blocks-gallery-intrinsic\" style=\"padding-bottom:56%;\"><img loading=\"lazy\" decoding=\"async\" src=\"https:\/\/www.deesse23.fr\/wp-content\/uploads\/2024\/03\/Pole-sportif-QUIMPER-66-1.jpg\" width=\"2500\" height=\"1406\" alt=\"\" data-full-image=\"https:\/\/www.deesse23.fr\/wp-content\/uploads\/2024\/03\/Pole-sportif-QUIMPER-66-1.jpg\" data-light-image=\"https:\/\/www.deesse23.fr\/wp-content\/uploads\/2024\/03\/Pole-sportif-QUIMPER-66-1.jpg\" data-id=\"1054\" class=\"wp-image-1054\" srcset=\"https:\/\/www.deesse23.fr\/wp-content\/uploads\/2024\/03\/Pole-sportif-QUIMPER-66-1.jpg 2500w, https:\/\/www.deesse23.fr\/wp-content\/uploads\/2024\/03\/Pole-sportif-QUIMPER-66-1-300x169.jpg 300w, https:\/\/www.deesse23.fr\/wp-content\/uploads\/2024\/03\/Pole-sportif-QUIMPER-66-1-1024x576.jpg 1024w, https:\/\/www.deesse23.fr\/wp-content\/uploads\/2024\/03\/Pole-sportif-QUIMPER-66-1-768x432.jpg 768w, https:\/\/www.deesse23.fr\/wp-content\/uploads\/2024\/03\/Pole-sportif-QUIMPER-66-1-1536x864.jpg 1536w, https:\/\/www.deesse23.fr\/wp-content\/uploads\/2024\/03\/Pole-sportif-QUIMPER-66-1-2048x1152.jpg 2048w\" sizes=\"(max-width: 2500px) 100vw, 2500px\" \/><\/div><\/div><\/a><\/figure><\/div><\/li><li class=\"kadence-blocks-gallery-item\"><div class=\"kadence-blocks-gallery-item-inner\"><figure class=\"kb-gallery-figure kb-gallery-item-has-link kadence-blocks-gallery-item-hide-caption\"><a href=\"https:\/\/www.deesse23.fr\/wp-content\/uploads\/2024\/03\/Pole-sportif-QUIMPER-92.jpg\" data-description=\"P\u00f4le sportif de Cr\u00e9ac&#039;h Gwen de Quimper (29)\" class=\"kb-gallery-item-link\"   role=\"button\" aria-haspopup=\"dialog\"><div class=\"kb-gal-image-radius\" style=\"max-width:2500px;\"><div class=\"kb-gallery-image-contain kadence-blocks-gallery-intrinsic\" style=\"padding-bottom:66%;\"><img loading=\"lazy\" decoding=\"async\" src=\"https:\/\/www.deesse23.fr\/wp-content\/uploads\/2024\/03\/Pole-sportif-QUIMPER-92.jpg\" width=\"2500\" height=\"1656\" alt=\"\" data-full-image=\"https:\/\/www.deesse23.fr\/wp-content\/uploads\/2024\/03\/Pole-sportif-QUIMPER-92.jpg\" data-light-image=\"https:\/\/www.deesse23.fr\/wp-content\/uploads\/2024\/03\/Pole-sportif-QUIMPER-92.jpg\" data-id=\"1060\" class=\"wp-image-1060\" srcset=\"https:\/\/www.deesse23.fr\/wp-content\/uploads\/2024\/03\/Pole-sportif-QUIMPER-92.jpg 2500w, https:\/\/www.deesse23.fr\/wp-content\/uploads\/2024\/03\/Pole-sportif-QUIMPER-92-300x199.jpg 300w, https:\/\/www.deesse23.fr\/wp-content\/uploads\/2024\/03\/Pole-sportif-QUIMPER-92-1024x678.jpg 1024w, https:\/\/www.deesse23.fr\/wp-content\/uploads\/2024\/03\/Pole-sportif-QUIMPER-92-768x509.jpg 768w, https:\/\/www.deesse23.fr\/wp-content\/uploads\/2024\/03\/Pole-sportif-QUIMPER-92-1536x1017.jpg 1536w, https:\/\/www.deesse23.fr\/wp-content\/uploads\/2024\/03\/Pole-sportif-QUIMPER-92-2048x1357.jpg 2048w\" sizes=\"(max-width: 2500px) 100vw, 2500px\" \/><\/div><\/div><\/a><\/figure><\/div><\/li><li class=\"kadence-blocks-gallery-item\"><div class=\"kadence-blocks-gallery-item-inner\"><figure class=\"kb-gallery-figure kb-gallery-item-has-link kadence-blocks-gallery-item-hide-caption\"><a href=\"https:\/\/www.deesse23.fr\/wp-content\/uploads\/2024\/03\/QUIMPER-CREACH_09-1.jpg\" data-description=\"P\u00f4le sportif de Cr\u00e9ac&#039;h Gwen de Quimper (29)\" class=\"kb-gallery-item-link\"   role=\"button\" aria-haspopup=\"dialog\"><div class=\"kb-gal-image-radius\" style=\"max-width:2500px;\"><div class=\"kb-gallery-image-contain kadence-blocks-gallery-intrinsic\" style=\"padding-bottom:74%;\"><img loading=\"lazy\" decoding=\"async\" src=\"https:\/\/www.deesse23.fr\/wp-content\/uploads\/2024\/03\/QUIMPER-CREACH_09-1.jpg\" width=\"2500\" height=\"1873\" alt=\"\" data-full-image=\"https:\/\/www.deesse23.fr\/wp-content\/uploads\/2024\/03\/QUIMPER-CREACH_09-1.jpg\" data-light-image=\"https:\/\/www.deesse23.fr\/wp-content\/uploads\/2024\/03\/QUIMPER-CREACH_09-1.jpg\" data-id=\"1064\" class=\"wp-image-1064\" srcset=\"https:\/\/www.deesse23.fr\/wp-content\/uploads\/2024\/03\/QUIMPER-CREACH_09-1.jpg 2500w, https:\/\/www.deesse23.fr\/wp-content\/uploads\/2024\/03\/QUIMPER-CREACH_09-1-300x225.jpg 300w, https:\/\/www.deesse23.fr\/wp-content\/uploads\/2024\/03\/QUIMPER-CREACH_09-1-1024x767.jpg 1024w, https:\/\/www.deesse23.fr\/wp-content\/uploads\/2024\/03\/QUIMPER-CREACH_09-1-768x575.jpg 768w, https:\/\/www.deesse23.fr\/wp-content\/uploads\/2024\/03\/QUIMPER-CREACH_09-1-1536x1151.jpg 1536w, https:\/\/www.deesse23.fr\/wp-content\/uploads\/2024\/03\/QUIMPER-CREACH_09-1-2048x1534.jpg 2048w\" sizes=\"(max-width: 2500px) 100vw, 2500px\" \/><\/div><\/div><\/a><\/figure><\/div><\/li><\/ul><\/div>","protected":false},"excerpt":{"rendered":"<p>Ma\u00eetrise d&rsquo;Ouvrage : Ville de QuimperSurface : 1 390 m\u00b2Co\u00fbt des travaux : 4,64M\u20ac HTStatut : Livraison 2016Ma\u00eetrise d&rsquo;\u0153uvre : D\u00c9ESSE 23 architecte mandataire, ISATEG Rennes BE structure-fluides, ZEPHYR paysagiste, PMC ETUDES BE complexe sportifPhotographie : Johann Bernard L\u2019id\u00e9e directrice est de cr\u00e9er une arriv\u00e9e qui domine le terrain principal.\u00a0Cette exp\u00e9rience est d\u00e9velopp\u00e9e en proposant&#8230;<\/p>\n","protected":false},"author":1,"featured_media":0,"parent":0,"menu_order":0,"comment_status":"closed","ping_status":"closed","template":"","meta":{"_eb_attr":"","_kadence_starter_templates_imported_post":false,"_kad_post_transparent":"","_kad_post_title":"","_kad_post_layout":"","_kad_post_sidebar_id":"","_kad_post_content_style":"","_kad_post_vertical_padding":"","_kad_post_feature":"","_kad_post_feature_position":"","_kad_post_header":false,"_kad_post_footer":false,"footnotes":""},"class_list":["post-990","page","type-page","status-publish","hentry"],"_links":{"self":[{"href":"https:\/\/www.deesse23.fr\/index.php\/wp-json\/wp\/v2\/pages\/990","targetHints":{"allow":["GET"]}}],"collection":[{"href":"https:\/\/www.deesse23.fr\/index.php\/wp-json\/wp\/v2\/pages"}],"about":[{"href":"https:\/\/www.deesse23.fr\/index.php\/wp-json\/wp\/v2\/types\/page"}],"author":[{"embeddable":true,"href":"https:\/\/www.deesse23.fr\/index.php\/wp-json\/wp\/v2\/users\/1"}],"replies":[{"embeddable":true,"href":"https:\/\/www.deesse23.fr\/index.php\/wp-json\/wp\/v2\/comments?post=990"}],"version-history":[{"count":14,"href":"https:\/\/www.deesse23.fr\/index.php\/wp-json\/wp\/v2\/pages\/990\/revisions"}],"predecessor-version":[{"id":2638,"href":"https:\/\/www.deesse23.fr\/index.php\/wp-json\/wp\/v2\/pages\/990\/revisions\/2638"}],"wp:attachment":[{"href":"https:\/\/www.deesse23.fr\/index.php\/wp-json\/wp\/v2\/media?parent=990"}],"curies":[{"name":"wp","href":"https:\/\/api.w.org\/{rel}","templated":true}]}}